{"id":2874,"date":"2020-05-07T11:15:43","date_gmt":"2020-05-07T09:15:43","guid":{"rendered":"https:\/\/www.doubickasalas.cz\/home\/"},"modified":"2025-11-20T10:47:10","modified_gmt":"2025-11-20T09:47:10","slug":"home","status":"publish","type":"page","link":"https:\/\/www.doubickasalas.cz\/de\/","title":{"rendered":"Home"},"content":{"rendered":"<p>[et_pb_section fb_built=&#8220;1&#8243; admin_label=&#8220;section&#8220; _builder_version=&#8220;4.16&#8243; background_color=&#8220;rgba(255,255,255,0)&#8220; custom_padding=&#8220;18px||3px|||&#8220; transparent_background=&#8220;on&#8220; global_colors_info=&#8220;{}&#8220;][et_pb_row _builder_version=&#8220;4.16&#8243; custom_padding=&#8220;|||0px||&#8220; global_colors_info=&#8220;{}&#8220;][et_pb_column type=&#8220;4_4&#8243; _builder_version=&#8220;4.16&#8243; custom_padding=&#8220;|||&#8220; global_colors_info=&#8220;{}&#8220; custom_padding__hover=&#8220;|||&#8220;][et_pb_text admin_label=&#8220;\u00favod&#8220; _builder_version=&#8220;4.16&#8243; background_size=&#8220;initial&#8220; background_position=&#8220;top_left&#8220; background_repeat=&#8220;repeat&#8220; background_layout=&#8220;dark&#8220; global_colors_info=&#8220;{}&#8220;]<\/p>\n<h1>Herzlich willkommen!<\/h1>\n<p>Seien Sie Gast in unserer gem\u00fctlichen Pension Sala\u0161 in Doubice. Egal ob Sie f\u00fcr eine oder mehrere N\u00e4chte, allein oder in der Gruppe kommen \u2013 wir hoffen, dass Sie sich bei uns wohlf\u00fchlen. Die behaglich eingerichteten Zimmer werden zu einem moderaten Preis angeboten. Die Pension Sala\u0161 befindet sich in angenehmer Umgebung am Rande eines ruhigen Ortsteils in direkter Nachbarschaft zum\u00a0<a href=\"https:\/\/www.npcs.cz\/\" target=\"_blank\" rel=\"noopener noreferrer\"><strong>Nationalpark B\u00f6hmische Schweiz<\/strong><\/a>, nicht weit vom Landschaftsschutzgebiet <a href=\"http:\/\/labskepiskovce.ochranaprirody.cz\/\" target=\"_blank\" rel=\"noopener noreferrer\"><strong>Elbsandsteine<\/strong><\/a> und vom Landschaftsschutzgebiet <a href=\"http:\/\/luzickehory.ochranaprirody.cz\/\" target=\"_blank\" rel=\"noopener noreferrer\"><strong>Lausitzer Gebirge<\/strong><\/a>. Wenn Sie ein Zimmer buchen m\u00f6chten, dann z\u00f6gern Sie bitte nicht, <a href=\"\/de\/#kontakty\">sich mit uns in Verbindung zu setzen.<\/a>.<\/p>\n<p>[\/et_pb_text][et_pb_text _builder_version=&#8220;4.16&#8243; background_color=&#8220;rgba(0,0,0,0.6)&#8220; min_height=&#8220;42px&#8220; custom_margin=&#8220;||-2px|||&#8220; custom_padding=&#8220;13px|||15px||&#8220; global_colors_info=&#8220;{}&#8220;]<\/p>\n<h5><span style=\"color: #ffffff;\"><strong>\u00dcberpr\u00fcfen Sie die Verf\u00fcgbarkeit von Unterk\u00fcnften online<\/strong><\/span><\/h5>\n<p>[\/et_pb_text][mphb-divi-availability-search adults=&#8220;1&#8243; form_style=&#8220;horizontal-left&#8220; _builder_version=&#8220;4.16&#8243; background_color=&#8220;rgba(0,0,0,0.6)&#8220; min_height=&#8220;102px&#8220; custom_margin=&#8220;2px||&#8220; custom_padding=&#8220;0px|0px|0px|20px||&#8220; global_colors_info=&#8220;{}&#8220;][\/mphb-divi-availability-search][\/et_pb_column][\/et_pb_row][\/et_pb_section][et_pb_section fb_built=&#8220;1&#8243; admin_label=&#8220;section&#8220; module_id=&#8220;ubytovani&#8220; _builder_version=&#8220;4.16&#8243; background_color=&#8220;rgba(0,22,0,0.9)&#8220; custom_padding=&#8220;||5px|||&#8220; global_colors_info=&#8220;{}&#8220;][et_pb_row admin_label=&#8220;row&#8220; _builder_version=&#8220;4.16&#8243; background_size=&#8220;initial&#8220; background_position=&#8220;top_left&#8220; background_repeat=&#8220;repeat&#8220; custom_padding=&#8220;||4px|||&#8220; global_colors_info=&#8220;{}&#8220;][et_pb_column type=&#8220;4_4&#8243; _builder_version=&#8220;4.16&#8243; custom_padding=&#8220;|||&#8220; global_colors_info=&#8220;{}&#8220; custom_padding__hover=&#8220;|||&#8220;][et_pb_text admin_label=&#8220;ubytov\u00e1n\u00ed&#8220; _builder_version=&#8220;4.16&#8243; background_size=&#8220;initial&#8220; background_position=&#8220;top_left&#8220; background_repeat=&#8220;repeat&#8220; background_layout=&#8220;dark&#8220; global_colors_info=&#8220;{}&#8220;]<\/p>\n<h1>Unterbringung<\/h1>\n<p>Die Gesamtkapazit\u00e4t der Pension betr\u00e4gt zehn Personen. Die Unterkunft und die Dienstleistungen erfolgen in Form von <strong>Self-Service.<\/strong> <strong>Zimmer:\u00a0<\/strong>Wir bieten 5 Zweitbettzimmer, jedes Zimmer verf\u00fcgt \u00fcber ein eigenes Bad mit Dusche und Toilette sowie Standardausstattung\u00a0(Doppelbett, Schrank, Tisch, St\u00fchle, Handt\u00fccher, Toilettenartikel). <strong>Ausstattung der Pension Sala\u0161:<\/strong> gemeinsame Selbstbedienungsk\u00fcche, gemeinsamer K\u00fchlschrank, Waschmaschine, verschlie\u00dfbarer Raum f\u00fcr die Aufbewahrung von Fahrr\u00e4dern und Skiern, Au\u00dfengrill \u2026 <strong>Parken:<\/strong>\u00a0Unsere G\u00e4ste parken kostenlos auf dem eingefriedeten Grundst\u00fcck der Pension Sala\u0161.\u00a0Die Parkfl\u00e4che ist beleuchtet und video\u00fcberwacht. <strong>Verpflegung:<\/strong>\u00a0M\u00f6glichkeit der Nutzung der gemeinsamen Minik\u00fcche zum Aufw\u00e4rmen von Speisen (Mikrowelle, Wasserkocher, kleiner Kocher, K\u00fchlschrank, Kaffeemaschine\u00a0\u2026). Dar\u00fcber hinaus gibt es Verpflegungsoptionen in den unweit liegenden Restaurants in der Ortsmitte. <strong>Im Ort und dessen Umgebung:<\/strong>\u00a0Beachvolleyball, Fu\u00dfballtennis, Tennispl\u00e4tze, Laufstrecken und Loipen,\u00a0Radwege, Fitness, in der Umgebung zahlreiche Wanderm\u00f6glichkeiten im Nationalpark B\u00f6hmische Schweiz, Spielplatz, Restaurants und Kneipen, Freizeitzentrum, Laden im Ort, Kosmetik und Museum.<\/p>\n<p>[\/et_pb_text][\/et_pb_column][\/et_pb_row][et_pb_row _builder_version=&#8220;4.16&#8243; custom_margin=&#8220;-2px|auto||auto||&#8220; global_colors_info=&#8220;{}&#8220;][et_pb_column type=&#8220;4_4&#8243; _builder_version=&#8220;4.16&#8243; custom_padding=&#8220;|||&#8220; global_colors_info=&#8220;{}&#8220; custom_padding__hover=&#8220;|||&#8220;][et_pb_cta button_url=&#8220;https:\/\/www.doubickasalas.cz\/de\/unterbringung\/&#8220; button_text=&#8220;Mehr Info&#8220; _builder_version=&#8220;4.16&#8243; background_color=&#8220;rgba(0,0,0,0)&#8220; custom_margin=&#8220;0px|||||&#8220; custom_padding=&#8220;0px||0px|||&#8220; global_colors_info=&#8220;{}&#8220;][\/et_pb_cta][\/et_pb_column][\/et_pb_row][\/et_pb_section][et_pb_section fb_built=&#8220;1&#8243; admin_label=&#8220;section&#8220; _builder_version=&#8220;4.16&#8243; background_color=&#8220;rgba(255,255,255,0)&#8220; custom_padding=&#8220;54px|0px|28px|0px&#8220; transparent_background=&#8220;on&#8220; global_colors_info=&#8220;{}&#8220;][et_pb_row admin_label=&#8220;row&#8220; _builder_version=&#8220;4.16&#8243; background_size=&#8220;initial&#8220; background_position=&#8220;top_left&#8220; background_repeat=&#8220;repeat&#8220; global_colors_info=&#8220;{}&#8220;][et_pb_column type=&#8220;4_4&#8243; _builder_version=&#8220;4.16&#8243; custom_padding=&#8220;|||&#8220; global_colors_info=&#8220;{}&#8220; custom_padding__hover=&#8220;|||&#8220;][et_pb_text admin_label=&#8220;cena&#8220; module_id=&#8220;cenik&#8220; _builder_version=&#8220;4.16&#8243; background_size=&#8220;initial&#8220; background_position=&#8220;top_left&#8220; background_repeat=&#8220;repeat&#8220; background_layout=&#8220;dark&#8220; global_colors_info=&#8220;{}&#8220;]<\/p>\n<h1 data-start=\"791\" data-end=\"817\"><strong data-start=\"793\" data-end=\"817\">DE \u2013 Preisliste 2026<\/strong><\/h1>\n<p><strong data-start=\"793\" data-end=\"817\"><\/strong><\/p>\n<p data-start=\"819\" data-end=\"1014\"><strong data-start=\"819\" data-end=\"875\">Doppelzimmer (2 Personen): 1.500 K\u010d \/ 60 \u20ac pro Nacht<\/strong><br data-start=\"875\" data-end=\"878\" \/><strong data-start=\"878\" data-end=\"923\">Einzelbelegung: 1.100 K\u010d \/ 44 \u20ac pro Nacht<\/strong><br data-start=\"923\" data-end=\"926\" \/><strong data-start=\"926\" data-end=\"986\">\u00dcbernachtung f\u00fcr nur 1 Nacht: 1.700 K\u010d \/ 68 \u20ac pro Zimmer<\/strong><br data-start=\"986\" data-end=\"989\" \/>(Einzel: 1.300 K\u010d \/ 52 \u20ac)<\/p>\n<p data-start=\"1016\" data-end=\"1149\">Kinder bis 3 Jahre kostenlos (ohne Bett).<br data-start=\"1057\" data-end=\"1060\" \/>Kinder bis 10 Jahre: <strong data-start=\"1081\" data-end=\"1108\">700 K\u010d \/ 28 \u20ac pro Nacht<\/strong>.<br data-start=\"1109\" data-end=\"1112\" \/>Haustiere: <strong data-start=\"1123\" data-end=\"1148\">50 K\u010d \/ 2 \u20ac pro Nacht<\/strong>.<\/p>\n<p data-start=\"1151\" data-end=\"1274\">Preis beinhaltet Unterkunft, Parkplatz, Fahrrad- &amp; Skiraum sowie die Ortstaxe.<br data-start=\"1229\" data-end=\"1232\" \/>Keine Zustellbetten. Babybett auf Anfrage.<\/p>\n<p data-start=\"1276\" data-end=\"1414\"><strong data-start=\"1276\" data-end=\"1298\">Stornobedingungen:<\/strong><br data-start=\"1298\" data-end=\"1301\" \/>Kostenlos bis 14 Tage vor Anreise<br data-start=\"1334\" data-end=\"1337\" \/>14\u20132 Tage vorher: 50% des Aufenthalts<br data-start=\"1374\" data-end=\"1377\" \/>1 Tag vorher oder am Anreisetag: 100%<\/p>\n<p>[\/et_pb_text][\/et_pb_column][\/et_pb_row][\/et_pb_section][et_pb_section fb_built=&#8220;1&#8243; admin_label=&#8220;section&#8220; module_id=&#8220;fotogalerie&#8220; _builder_version=&#8220;4.16&#8243; background_color=&#8220;rgba(0,22,0,0.9)&#8220; custom_padding=&#8220;19px|0px|15px|0px&#8220; global_colors_info=&#8220;{}&#8220;][et_pb_row admin_label=&#8220;row&#8220; _builder_version=&#8220;4.16&#8243; background_size=&#8220;initial&#8220; background_position=&#8220;top_left&#8220; background_repeat=&#8220;repeat&#8220; custom_padding=&#8220;27px|0px|0px|0px||&#8220; global_colors_info=&#8220;{}&#8220;][et_pb_column type=&#8220;4_4&#8243; _builder_version=&#8220;4.16&#8243; custom_padding=&#8220;|||&#8220; global_colors_info=&#8220;{}&#8220; custom_padding__hover=&#8220;|||&#8220;][et_pb_gallery gallery_ids=&#8220;272,269,274,271,273,275,276,270&#8243; show_title_and_caption=&#8220;off&#8220; _builder_version=&#8220;4.16&#8243; background_layout=&#8220;dark&#8220; global_colors_info=&#8220;{}&#8220;][\/et_pb_gallery][\/et_pb_column][\/et_pb_row][et_pb_row admin_label=&#8220;row&#8220; _builder_version=&#8220;4.16&#8243; background_size=&#8220;initial&#8220; background_position=&#8220;top_left&#8220; background_repeat=&#8220;repeat&#8220; global_colors_info=&#8220;{}&#8220;][et_pb_column type=&#8220;4_4&#8243; _builder_version=&#8220;4.16&#8243; custom_padding=&#8220;|||&#8220; global_colors_info=&#8220;{}&#8220; custom_padding__hover=&#8220;|||&#8220;][et_pb_gallery gallery_ids=&#8220;277,278,281,279,285,284,280,2878,283&#8243; show_title_and_caption=&#8220;off&#8220; _builder_version=&#8220;4.16&#8243; background_layout=&#8220;dark&#8220; min_height=&#8220;206px&#8220; custom_margin=&#8220;||-2px|||&#8220; custom_padding=&#8220;||0px|||&#8220; global_colors_info=&#8220;{}&#8220;][\/et_pb_gallery][\/et_pb_column][\/et_pb_row][\/et_pb_section][et_pb_section fb_built=&#8220;1&#8243; admin_label=&#8220;section&#8220; module_id=&#8220;kontakty&#8220; _builder_version=&#8220;4.16&#8243; background_color=&#8220;rgba(255,255,255,0)&#8220; min_height=&#8220;500px&#8220; custom_margin=&#8220;-1px||7px|||&#8220; custom_padding=&#8220;21px|0px|0px|0px||&#8220; transparent_background=&#8220;on&#8220; global_colors_info=&#8220;{}&#8220;][et_pb_row column_structure=&#8220;1_2,1_2&#8243; admin_label=&#8220;row&#8220; _builder_version=&#8220;4.16&#8243; background_size=&#8220;initial&#8220; background_position=&#8220;top_left&#8220; background_repeat=&#8220;repeat&#8220; custom_margin=&#8220;|auto|-1px|auto||&#8220; global_colors_info=&#8220;{}&#8220;][et_pb_column type=&#8220;1_2&#8243; _builder_version=&#8220;4.16&#8243; custom_padding=&#8220;|||&#8220; global_colors_info=&#8220;{}&#8220; custom_padding__hover=&#8220;|||&#8220;][et_pb_text admin_label=&#8220;kontakty&#8220; _builder_version=&#8220;4.16&#8243; background_color=&#8220;rgba(0,0,0,0.6)&#8220; background_size=&#8220;initial&#8220; background_position=&#8220;top_left&#8220; background_repeat=&#8220;repeat&#8220; background_layout=&#8220;dark&#8220; min_height=&#8220;390px&#8220; custom_padding=&#8220;30px|1px|18px|27px||&#8220; border_style=&#8220;solid&#8220; global_colors_info=&#8220;{}&#8220;]<\/p>\n<p><strong>Doubick\u00e1 Sala\u0161<\/strong><br \/>Doubice 207<br \/>407 47 Doubice<\/p>\n<p>Tel.: (+420) 774 961 007<\/p>\n<p>E-mail:\u00a0<a href=\"mailto:info@doubickasalas.cz\">info@doubickasalas.cz<\/a><\/p>\n<p>GPS:<br \/>50\u00b053.223\u2032 N;\u00a014\u00b027.274\u2032 E<br \/>50\u00b053\u201913.4\u2033 N; 14\u00b027\u201916.5\u2033 E<\/p>\n<p>&nbsp;<\/p>\n<div><a style=\"border: 1px solid; padding: 5px; margin: 10px 10px 10px 10px;\" title=\"Navigovat s Waze\" href=\"https:\/\/www.waze.com\/ul?place=ChIJ3w1RwiEPCUcRqZExx-HF9OE&amp;ll=50.88710280%2C14.45440560&amp;navigate=yes\" target=\"_blank\" rel=\"noopener noreferrer\"><i class=\"fab fa-waze\"><\/i> Navigovat s Waze &gt;<\/a><\/div>\n<p>[\/et_pb_text][\/et_pb_column][et_pb_column type=&#8220;1_2&#8243; _builder_version=&#8220;4.16&#8243; custom_padding=&#8220;|||&#8220; global_colors_info=&#8220;{}&#8220; custom_padding__hover=&#8220;|||&#8220;][et_pb_text admin_label=&#8220;kontakty&#8220; _builder_version=&#8220;4.16&#8243; background_color=&#8220;rgba(0,0,0,0.6)&#8220; background_size=&#8220;initial&#8220; background_position=&#8220;top_left&#8220; background_repeat=&#8220;repeat&#8220; background_layout=&#8220;dark&#8220; min_height=&#8220;390px&#8220; custom_padding=&#8220;30px|1px|18px|27px||&#8220; border_style=&#8220;solid&#8220; global_colors_info=&#8220;{}&#8220;]<\/p>\n<div>\u00a0<\/div>\n<p><strong>Operator<\/strong><\/p>\n<p><img loading=\"lazy\" decoding=\"async\" class=\"wp-image-819 alignnone size-full\" style=\"display: block; margin-left: auto; margin-right: auto;\" src=\"https:\/\/www.doubickasalas.cz\/wp-content\/uploads\/2019\/05\/multisunLogo.png\" alt=\"\" width=\"261\" height=\"50\" \/><br \/><strong>MultiSUN s.r.o.<\/strong><br \/>Ha\u0161kova 836\/10<br \/>170 00 Praha 7 \u2013 Hole\u0161ovice<\/p>\n<p>ID: 241 39 513<br \/>Spole\u010dnost je zaps\u00e1na v OR u MS v Praze, odd\u00edl C, vlo\u017eka 182230<\/p>\n<p>Web: <a href=\"http:\/\/www.multisun.cz\" target=\"_blank\" rel=\"noopener noreferrer\">www.multisun.cz<\/a><\/p>\n<p>[\/et_pb_text][\/et_pb_column][\/et_pb_row][\/et_pb_section][et_pb_section fb_built=&#8220;1&#8243; _builder_version=&#8220;4.16&#8243; background_color=&#8220;rgba(0,22,0,0.9)&#8220; custom_margin=&#8220;-13px|||||&#8220; custom_padding=&#8220;30px||11px|||&#8220; global_colors_info=&#8220;{}&#8220;][et_pb_row column_structure=&#8220;1_4,1_4,1_4,1_4&#8243; _builder_version=&#8220;4.16&#8243; global_colors_info=&#8220;{}&#8220;][et_pb_column type=&#8220;1_4&#8243; _builder_version=&#8220;4.16&#8243; custom_padding=&#8220;|||&#8220; global_colors_info=&#8220;{}&#8220; custom_padding__hover=&#8220;|||&#8220;][et_pb_image src=&#8220;https:\/\/www.doubickasalas.cz\/wp-content\/uploads\/2019\/05\/CV_2008.jpg&#8220; url=&#8220;http:\/\/www.cyklistevitani.cz&#8220; url_new_window=&#8220;on&#8220; align=&#8220;center&#8220; _builder_version=&#8220;4.16&#8243; width=&#8220;100px&#8220; custom_margin=&#8220;|50px||||&#8220; global_colors_info=&#8220;{}&#8220;][\/et_pb_image][\/et_pb_column][et_pb_column type=&#8220;1_4&#8243; _builder_version=&#8220;4.16&#8243; custom_padding=&#8220;|||&#8220; global_colors_info=&#8220;{}&#8220; custom_padding__hover=&#8220;|||&#8220;][et_pb_image src=&#8220;https:\/\/www.doubickasalas.cz\/wp-content\/uploads\/2019\/05\/ceskehory.jpg&#8220; url=&#8220;http:\/\/www.ceskehory.cz\/&#8220; url_new_window=&#8220;on&#8220; _builder_version=&#8220;4.16&#8243; width=&#8220;113px&#8220; module_alignment=&#8220;center&#8220; global_colors_info=&#8220;{}&#8220;][\/et_pb_image][\/et_pb_column][et_pb_column type=&#8220;1_4&#8243; _builder_version=&#8220;4.16&#8243; custom_padding=&#8220;|||&#8220; global_colors_info=&#8220;{}&#8220; custom_padding__hover=&#8220;|||&#8220;][et_pb_image src=&#8220;https:\/\/www.doubickasalas.cz\/wp-content\/uploads\/2019\/05\/header_logo_new-white.png&#8220; url=&#8220;https:\/\/www.ceskesvycarsko.cz\/&#8220; url_new_window=&#8220;on&#8220; _builder_version=&#8220;4.16&#8243; width=&#8220;130px&#8220; module_alignment=&#8220;center&#8220; global_colors_info=&#8220;{}&#8220;][\/et_pb_image][\/et_pb_column][et_pb_column type=&#8220;1_4&#8243; _builder_version=&#8220;4.16&#8243; custom_padding=&#8220;|||&#8220; global_colors_info=&#8220;{}&#8220; custom_padding__hover=&#8220;|||&#8220;][et_pb_image src=&#8220;https:\/\/www.doubickasalas.cz\/wp-content\/uploads\/2019\/05\/doubice-logo-pruhledne.png&#8220; url=&#8220;https:\/\/www.doubice.cz\/&#8220; url_new_window=&#8220;on&#8220; _builder_version=&#8220;4.16&#8243; width=&#8220;100px&#8220; global_colors_info=&#8220;{}&#8220;][\/et_pb_image][\/et_pb_column][\/et_pb_row][\/et_pb_section][et_pb_section fb_built=&#8220;1&#8243; fullwidth=&#8220;on&#8220; admin_label=&#8220;section&#8220; _builder_version=&#8220;4.21.2&#8243; height=&#8220;500px&#8220; global_colors_info=&#8220;{}&#8220;][et_pb_fullwidth_code _builder_version=&#8220;4.21.2&#8243; _module_preset=&#8220;default&#8220; global_colors_info=&#8220;{}&#8220;]<iframe loading=\"lazy\" style=\"border: none;\" src=\"https:\/\/frame.mapy.cz\/s\/joseregepo\" width=\"100%\" height=\"500\" frameborder=\"0\"><\/iframe>[\/et_pb_fullwidth_code][\/et_pb_section]<\/p>\n","protected":false},"excerpt":{"rendered":"<p>Herzlich willkommen! Seien Sie Gast in unserer gem\u00fctlichen Pension Sala\u0161 in Doubice. Egal ob Sie f\u00fcr eine oder mehrere N\u00e4chte, allein oder in der Gruppe kommen \u2013 wir hoffen, dass Sie sich bei uns wohlf\u00fchlen. Die behaglich eingerichteten Zimmer werden zu einem moderaten Preis angeboten. Die Pension Sala\u0161 befindet sich in angenehmer Umgebung am Rande [&hellip;]<\/p>\n","protected":false},"author":1,"featured_media":0,"parent":0,"menu_order":0,"comment_status":"closed","ping_status":"closed","template":"","meta":{"_et_pb_use_builder":"on","_et_pb_old_content":"","_et_gb_content_width":"","footnotes":""},"class_list":["post-2874","page","type-page","status-publish","hentry"],"_links":{"self":[{"href":"https:\/\/www.doubickasalas.cz\/de\/wp-json\/wp\/v2\/pages\/2874","targetHints":{"allow":["GET"]}}],"collection":[{"href":"https:\/\/www.doubickasalas.cz\/de\/wp-json\/wp\/v2\/pages"}],"about":[{"href":"https:\/\/www.doubickasalas.cz\/de\/wp-json\/wp\/v2\/types\/page"}],"author":[{"embeddable":true,"href":"https:\/\/www.doubickasalas.cz\/de\/wp-json\/wp\/v2\/users\/1"}],"replies":[{"embeddable":true,"href":"https:\/\/www.doubickasalas.cz\/de\/wp-json\/wp\/v2\/comments?post=2874"}],"version-history":[{"count":23,"href":"https:\/\/www.doubickasalas.cz\/de\/wp-json\/wp\/v2\/pages\/2874\/revisions"}],"predecessor-version":[{"id":5806,"href":"https:\/\/www.doubickasalas.cz\/de\/wp-json\/wp\/v2\/pages\/2874\/revisions\/5806"}],"wp:attachment":[{"href":"https:\/\/www.doubickasalas.cz\/de\/wp-json\/wp\/v2\/media?parent=2874"}],"curies":[{"name":"wp","href":"https:\/\/api.w.org\/{rel}","templated":true}]}}