{"id":2905,"date":"2020-05-07T14:19:06","date_gmt":"2020-05-07T12:19:06","guid":{"rendered":"https:\/\/www.doubickasalas.cz\/strona-glowna\/"},"modified":"2025-11-20T10:48:59","modified_gmt":"2025-11-20T09:48:59","slug":"strona-glowna","status":"publish","type":"page","link":"https:\/\/www.doubickasalas.cz\/pl\/","title":{"rendered":"Strona g\u0142\u00f3wna"},"content":{"rendered":"<p>[et_pb_section fb_built=&#8221;1&#8243; admin_label=&#8221;section&#8221; _builder_version=&#8221;4.16&#8243; background_color=&#8221;rgba(255,255,255,0)&#8221; custom_padding=&#8221;18px||3px|||&#8221; transparent_background=&#8221;on&#8221; global_colors_info=&#8221;{}&#8221;][et_pb_row _builder_version=&#8221;4.16&#8243; custom_padding=&#8221;|||0px||&#8221; global_colors_info=&#8221;{}&#8221;][et_pb_column type=&#8221;4_4&#8243; _builder_version=&#8221;4.16&#8243; custom_padding=&#8221;|||&#8221; global_colors_info=&#8221;{}&#8221; custom_padding__hover=&#8221;|||&#8221;][et_pb_text admin_label=&#8221;\u00favod&#8221; _builder_version=&#8221;4.16&#8243; background_size=&#8221;initial&#8221; background_position=&#8221;top_left&#8221; background_repeat=&#8221;repeat&#8221; background_layout=&#8221;dark&#8221; global_colors_info=&#8221;{}&#8221;]<\/p>\n<h1>Witamy!<\/h1>\n<p>Zapraszamy Pa\u0144stwa do naszego kameralnego pensjonatu Doubick\u00e1 Sala\u0161. Niezale\u017cnie od tego, czy przyjedziecie na jedn\u0105 czy kilka nocy, sami czy z grup\u0105, wierzymy, \u017ce b\u0119dziecie si\u0119 u nas czu\u0107 jak we w\u0142asnym domu. Oferujemy komfortowe pokoje w atrakcyjnych cenach. Pensjonat Sala\u0161 le\u017cy w przyjemnej, spokojnej okolicy na obrze\u017cach miejscowo\u015bci, w bezpo\u015brednim s\u0105siedztwie <a href=\"https:\/\/www.npcs.cz\/\" target=\"_blank\" rel=\"noopener\"><strong>Parku Narodowego Czeska Szwajcaria<\/strong><\/a>, w pobli\u017cu Obszaru Chronionego Krajobrazu <strong>\u00a0<a href=\"http:\/\/labskepiskovce.ochranaprirody.cz\/\" target=\"_blank\" rel=\"noopener\">\u0141abskie piaskowce<\/a>\u00a0<\/strong>i <strong>\u00a0<a href=\"http:\/\/luzickehory.ochranaprirody.cz\/\" target=\"_blank\" rel=\"noopener\">G\u00f3ry \u0141u\u017cyckie<\/a><\/strong>. W celu rezerwacji pokoju prosimy o kontakt.<\/p>\n<p>[\/et_pb_text][et_pb_text _builder_version=&#8221;4.16&#8243; background_color=&#8221;rgba(0,0,0,0.6)&#8221; min_height=&#8221;42px&#8221; custom_margin=&#8221;||-2px|||&#8221; custom_padding=&#8221;13px|||15px||&#8221; global_colors_info=&#8221;{}&#8221;]<\/p>\n<h5><span style=\"color: #ffffff;\"><strong>Sprawd\u017a dost\u0119pno\u015b\u0107 zakwaterowania online<\/strong><\/span><\/h5>\n<p>[\/et_pb_text][mphb-divi-availability-search adults=&#8221;1&#8243; form_style=&#8221;horizontal-left&#8221; _builder_version=&#8221;4.16&#8243; background_color=&#8221;rgba(0,0,0,0.6)&#8221; min_height=&#8221;102px&#8221; custom_margin=&#8221;2px||&#8221; custom_padding=&#8221;0px|0px|0px|20px||&#8221; global_colors_info=&#8221;{}&#8221;][\/mphb-divi-availability-search][\/et_pb_column][\/et_pb_row][\/et_pb_section][et_pb_section fb_built=&#8221;1&#8243; admin_label=&#8221;section&#8221; module_id=&#8221;ubytovani&#8221; _builder_version=&#8221;4.16&#8243; background_color=&#8221;rgba(0,22,0,0.9)&#8221; custom_padding=&#8221;||5px|||&#8221; global_colors_info=&#8221;{}&#8221;][et_pb_row admin_label=&#8221;row&#8221; _builder_version=&#8221;4.16&#8243; background_size=&#8221;initial&#8221; background_position=&#8221;top_left&#8221; background_repeat=&#8221;repeat&#8221; custom_padding=&#8221;||4px|||&#8221; global_colors_info=&#8221;{}&#8221;][et_pb_column type=&#8221;4_4&#8243; _builder_version=&#8221;4.16&#8243; custom_padding=&#8221;|||&#8221; global_colors_info=&#8221;{}&#8221; custom_padding__hover=&#8221;|||&#8221;][et_pb_text admin_label=&#8221;ubytov\u00e1n\u00ed&#8221; _builder_version=&#8221;4.16&#8243; background_size=&#8221;initial&#8221; background_position=&#8221;top_left&#8221; background_repeat=&#8221;repeat&#8221; background_layout=&#8221;dark&#8221; global_colors_info=&#8221;{}&#8221;]<\/p>\n<h1>Noclegi<\/h1>\n<p>Pensjonat dysponuje miejscami dla 10 os\u00f3b. Zakwaterowanie i us\u0142ugi s\u0105 realizowane w formie\u00a0<strong>self-service.<\/strong> <strong>Pokoje:\u00a0<\/strong>Oferujemy 5 pokoi dwuosobowych, ka\u017cdy pok\u00f3j posiada w\u0142asn\u0105 \u0142azienk\u0119 z prysznicem i WC oraz standardowe wyposa\u017cenie (\u0142\u00f3\u017cko ma\u0142\u017ce\u0144skie, szafa, st\u00f3\u0142, krzes\u0142a, r\u0119czniki, papier toaletowy). <strong>Wyposa\u017cenie pensjonatu Sala\u0161:<\/strong> wsp\u00f3lna kuchnia do dyspozycji go\u015bci, wsp\u00f3lna lod\u00f3wka, pralka, zamykana przechowalnia rower\u00f3w i nart, grill na zewn\u0105trz, &#8230; <strong>Parkowanie:<\/strong>\u00a0Bezp\u0142atny parking dla go\u015bci pensjonatu na ogrodzonym terenie pensjonatu.\u00a0Parking jest o\u015bwietlony, z monitoringiem. <strong>Wy\u017cywienie:<\/strong>\u00a0Mo\u017cliwo\u015b\u0107 skorzystania ze wsp\u00f3lnej kuchni (kuchenka mikrofalowa, czajnik elektryczny, ma\u0142a kuchenka elektryczna, lod\u00f3wka, ekspres do kawy &#8230;). Mo\u017cna r\u00f3wnie\u017c skorzysta\u0107 z oferty pobliskich restauracji w centrum miejscowo\u015bci. <strong>Dost\u0119pne w miejscowo\u015bci i okolicy:<\/strong>\u00a0siatk\u00f3wka pla\u017cowa, siatkonoga, korty tenisowe, trasy biegowe (jogging\/narty biegowe), \u015bcie\u017cki rowerowe, fitness, szeroka oferta tras turystycznych Parku Narodowego Czeska Szwajcaria, plac zabaw, restauracje i bary, centrum wolnego czasu, sklep, drogeria i muzeum.<\/p>\n<p>[\/et_pb_text][\/et_pb_column][\/et_pb_row][et_pb_row _builder_version=&#8221;4.16&#8243; custom_margin=&#8221;-2px|auto||auto||&#8221; global_colors_info=&#8221;{}&#8221;][et_pb_column type=&#8221;4_4&#8243; _builder_version=&#8221;4.16&#8243; custom_padding=&#8221;|||&#8221; global_colors_info=&#8221;{}&#8221; custom_padding__hover=&#8221;|||&#8221;][et_pb_cta button_url=&#8221;https:\/\/www.doubickasalas.cz\/pl\/noclegi\/&#8221; button_text=&#8221;Wi\u0119cej Informacji&#8221; _builder_version=&#8221;4.16&#8243; background_color=&#8221;rgba(0,0,0,0)&#8221; custom_margin=&#8221;0px|||||&#8221; custom_padding=&#8221;0px||0px|||&#8221; global_colors_info=&#8221;{}&#8221;][\/et_pb_cta][\/et_pb_column][\/et_pb_row][\/et_pb_section][et_pb_section fb_built=&#8221;1&#8243; admin_label=&#8221;section&#8221; _builder_version=&#8221;4.16&#8243; background_color=&#8221;rgba(255,255,255,0)&#8221; custom_padding=&#8221;54px|0px|28px|0px&#8221; transparent_background=&#8221;on&#8221; global_colors_info=&#8221;{}&#8221;][et_pb_row admin_label=&#8221;row&#8221; _builder_version=&#8221;4.16&#8243; background_size=&#8221;initial&#8221; background_position=&#8221;top_left&#8221; background_repeat=&#8221;repeat&#8221; global_colors_info=&#8221;{}&#8221;][et_pb_column type=&#8221;4_4&#8243; _builder_version=&#8221;4.16&#8243; custom_padding=&#8221;|||&#8221; global_colors_info=&#8221;{}&#8221; custom_padding__hover=&#8221;|||&#8221;][et_pb_text admin_label=&#8221;cena&#8221; module_id=&#8221;cenik&#8221; _builder_version=&#8221;4.16&#8243; background_size=&#8221;initial&#8221; background_position=&#8221;top_left&#8221; background_repeat=&#8221;repeat&#8221; background_layout=&#8221;dark&#8221; global_colors_info=&#8221;{}&#8221;]<\/p>\n<h1 data-start=\"1421\" data-end=\"1443\"><strong data-start=\"1423\" data-end=\"1443\">PL \u2013 Cennik 2026<\/strong><\/h1>\n<p><strong data-start=\"1423\" data-end=\"1443\"><\/strong><\/p>\n<p data-start=\"1445\" data-end=\"1631\"><strong data-start=\"1445\" data-end=\"1499\">Pok\u00f3j dwuosobowy (2 osoby): 1.500 K\u010d \/ 60 \u20ac za noc<\/strong><br data-start=\"1499\" data-end=\"1502\" \/><strong data-start=\"1502\" data-end=\"1552\">Pok\u00f3j dla jednej osoby: 1.100 K\u010d \/ 44 \u20ac za noc<\/strong><br data-start=\"1552\" data-end=\"1555\" \/><strong data-start=\"1555\" data-end=\"1603\">Pobyt na jedn\u0105 noc: 1.700 K\u010d \/ 68 \u20ac za pok\u00f3j<\/strong><br data-start=\"1603\" data-end=\"1606\" \/>(single: 1.300 K\u010d \/ 52 \u20ac)<\/p>\n<p data-start=\"1633\" data-end=\"1753\">Dzieci do 3 lat \u2013 gratis (bez \u0142\u00f3\u017cka).<br data-start=\"1670\" data-end=\"1673\" \/>Dzieci do 10 lat: <strong data-start=\"1691\" data-end=\"1715\">700 K\u010d \/ 28 \u20ac za noc<\/strong>.<br data-start=\"1716\" data-end=\"1719\" \/>Zwierz\u0119ta: <strong data-start=\"1730\" data-end=\"1752\">50 K\u010d \/ 2 \u20ac za noc<\/strong>.<\/p>\n<p data-start=\"1755\" data-end=\"1883\">Cena zawiera nocleg, parking, przechowalni\u0119 rower\u00f3w i nart oraz podatek lokalny.<br data-start=\"1835\" data-end=\"1838\" \/>Bez dostawek. \u0141\u00f3\u017ceczko dzieci\u0119ce na \u017cyczenie.<\/p>\n<p data-start=\"1885\" data-end=\"2026\"><strong data-start=\"1885\" data-end=\"1905\">Zasady anulacji:<\/strong><br data-start=\"1905\" data-end=\"1908\" \/>Do 14 dni przed przyjazdem \u2013 bezp\u0142atnie<br data-start=\"1947\" data-end=\"1950\" \/>14\u20132 dni przed \u2013 50% ceny pobytu<br data-start=\"1982\" data-end=\"1985\" \/>1 dzie\u0144 przed lub w dniu przyjazdu \u2013 100%<\/p>\n<p>[\/et_pb_text][\/et_pb_column][\/et_pb_row][\/et_pb_section][et_pb_section fb_built=&#8221;1&#8243; admin_label=&#8221;section&#8221; module_id=&#8221;fotogalerie&#8221; _builder_version=&#8221;4.16&#8243; background_color=&#8221;rgba(0,22,0,0.9)&#8221; custom_padding=&#8221;19px|0px|15px|0px&#8221; global_colors_info=&#8221;{}&#8221;][et_pb_row admin_label=&#8221;row&#8221; _builder_version=&#8221;4.16&#8243; background_size=&#8221;initial&#8221; background_position=&#8221;top_left&#8221; background_repeat=&#8221;repeat&#8221; custom_padding=&#8221;27px|0px|0px|0px||&#8221; global_colors_info=&#8221;{}&#8221;][et_pb_column type=&#8221;4_4&#8243; _builder_version=&#8221;4.16&#8243; custom_padding=&#8221;|||&#8221; global_colors_info=&#8221;{}&#8221; custom_padding__hover=&#8221;|||&#8221;][et_pb_gallery gallery_ids=&#8221;272,269,274,271,273,275,276,270&#8243; show_title_and_caption=&#8221;off&#8221; _builder_version=&#8221;4.16&#8243; background_layout=&#8221;dark&#8221; global_colors_info=&#8221;{}&#8221;][\/et_pb_gallery][\/et_pb_column][\/et_pb_row][et_pb_row admin_label=&#8221;row&#8221; _builder_version=&#8221;4.16&#8243; background_size=&#8221;initial&#8221; background_position=&#8221;top_left&#8221; background_repeat=&#8221;repeat&#8221; global_colors_info=&#8221;{}&#8221;][et_pb_column type=&#8221;4_4&#8243; _builder_version=&#8221;4.16&#8243; custom_padding=&#8221;|||&#8221; global_colors_info=&#8221;{}&#8221; custom_padding__hover=&#8221;|||&#8221;][et_pb_gallery gallery_ids=&#8221;277,278,281,279,285,284,280,2886,283&#8243; show_title_and_caption=&#8221;off&#8221; _builder_version=&#8221;4.16&#8243; background_layout=&#8221;dark&#8221; min_height=&#8221;206px&#8221; custom_margin=&#8221;||-2px|||&#8221; custom_padding=&#8221;||0px|||&#8221; global_colors_info=&#8221;{}&#8221;][\/et_pb_gallery][\/et_pb_column][\/et_pb_row][\/et_pb_section][et_pb_section fb_built=&#8221;1&#8243; admin_label=&#8221;section&#8221; module_id=&#8221;kontakty&#8221; _builder_version=&#8221;4.16&#8243; background_color=&#8221;rgba(255,255,255,0)&#8221; min_height=&#8221;500px&#8221; custom_margin=&#8221;-1px||7px|||&#8221; custom_padding=&#8221;21px|0px|0px|0px||&#8221; transparent_background=&#8221;on&#8221; global_colors_info=&#8221;{}&#8221;][et_pb_row column_structure=&#8221;1_2,1_2&#8243; admin_label=&#8221;row&#8221; _builder_version=&#8221;4.16&#8243; background_size=&#8221;initial&#8221; background_position=&#8221;top_left&#8221; background_repeat=&#8221;repeat&#8221; custom_margin=&#8221;|auto|-1px|auto||&#8221; global_colors_info=&#8221;{}&#8221;][et_pb_column type=&#8221;1_2&#8243; _builder_version=&#8221;4.16&#8243; custom_padding=&#8221;|||&#8221; global_colors_info=&#8221;{}&#8221; custom_padding__hover=&#8221;|||&#8221;][et_pb_text admin_label=&#8221;kontakty&#8221; _builder_version=&#8221;4.16&#8243; background_color=&#8221;rgba(0,0,0,0.6)&#8221; background_size=&#8221;initial&#8221; background_position=&#8221;top_left&#8221; background_repeat=&#8221;repeat&#8221; background_layout=&#8221;dark&#8221; min_height=&#8221;390px&#8221; custom_padding=&#8221;30px|1px|18px|27px||&#8221; border_style=&#8221;solid&#8221; global_colors_info=&#8221;{}&#8221;]<\/p>\n<p><strong>Doubick\u00e1 Sala\u0161<\/strong><br \/>Doubice 207<br \/>407 47 Doubice<\/p>\n<p>Tel.: (+420) 774 961 007<\/p>\n<p>E-mail:\u00a0<a href=\"mailto:info@doubickasalas.cz\">info@doubickasalas.cz<\/a><\/p>\n<p>GPS:<br \/>50\u00b053.223\u2032 N;\u00a014\u00b027.274\u2032 E<br \/>50\u00b053\u201913.4\u2033 N; 14\u00b027\u201916.5\u2033 E<\/p>\n<p>&nbsp;<\/p>\n<div><a style=\"border: 1px solid; padding: 5px; margin: 10px 10px 10px 10px;\" title=\"Navigovat s Waze\" href=\"https:\/\/www.waze.com\/ul?place=ChIJ3w1RwiEPCUcRqZExx-HF9OE&amp;ll=50.88710280%2C14.45440560&amp;navigate=yes\" target=\"_blank\" rel=\"noopener noreferrer\">Nawiguj z Waze &gt;<\/a><\/div>\n<p>[\/et_pb_text][\/et_pb_column][et_pb_column type=&#8221;1_2&#8243; _builder_version=&#8221;4.16&#8243; custom_padding=&#8221;|||&#8221; global_colors_info=&#8221;{}&#8221; custom_padding__hover=&#8221;|||&#8221;][et_pb_text admin_label=&#8221;kontakty&#8221; _builder_version=&#8221;4.16&#8243; background_color=&#8221;rgba(0,0,0,0.6)&#8221; background_size=&#8221;initial&#8221; background_position=&#8221;top_left&#8221; background_repeat=&#8221;repeat&#8221; background_layout=&#8221;dark&#8221; min_height=&#8221;390px&#8221; custom_padding=&#8221;30px|1px|18px|27px||&#8221; border_style=&#8221;solid&#8221; global_colors_info=&#8221;{}&#8221;]<\/p>\n<div>\u00a0<\/div>\n<p><strong>Operator<\/strong><\/p>\n<p><img loading=\"lazy\" decoding=\"async\" class=\"wp-image-819 alignnone size-full\" style=\"display: block; margin-left: auto; margin-right: auto;\" src=\"https:\/\/www.doubickasalas.cz\/wp-content\/uploads\/2019\/05\/multisunLogo.png\" alt=\"\" width=\"261\" height=\"50\" \/><br \/><strong>MultiSUN s.r.o.<\/strong><br \/>Ha\u0161kova 836\/10<br \/>170 00 Praha 7 \u2013 Hole\u0161ovice<\/p>\n<p>I\u010cO: 241 39 513<br \/>Spole\u010dnost je zaps\u00e1na v OR u MS v Praze, odd\u00edl C, vlo\u017eka 182230<\/p>\n<p>Web: <a href=\"http:\/\/www.multisun.cz\" target=\"_blank\" rel=\"noopener noreferrer\">www.multisun.cz<\/a><\/p>\n<p>[\/et_pb_text][\/et_pb_column][\/et_pb_row][\/et_pb_section][et_pb_section fb_built=&#8221;1&#8243; _builder_version=&#8221;4.16&#8243; background_color=&#8221;rgba(0,22,0,0.9)&#8221; custom_margin=&#8221;-13px|||||&#8221; custom_padding=&#8221;30px||11px|||&#8221; global_colors_info=&#8221;{}&#8221;][et_pb_row column_structure=&#8221;1_4,1_4,1_4,1_4&#8243; _builder_version=&#8221;4.16&#8243; global_colors_info=&#8221;{}&#8221;][et_pb_column type=&#8221;1_4&#8243; _builder_version=&#8221;4.16&#8243; custom_padding=&#8221;|||&#8221; global_colors_info=&#8221;{}&#8221; custom_padding__hover=&#8221;|||&#8221;][et_pb_image src=&#8221;https:\/\/www.doubickasalas.cz\/wp-content\/uploads\/2019\/05\/CV_2008.jpg&#8221; url=&#8221;http:\/\/www.cyklistevitani.cz&#8221; url_new_window=&#8221;on&#8221; align=&#8221;center&#8221; _builder_version=&#8221;4.16&#8243; width=&#8221;100px&#8221; custom_margin=&#8221;|50px||||&#8221; global_colors_info=&#8221;{}&#8221;][\/et_pb_image][\/et_pb_column][et_pb_column type=&#8221;1_4&#8243; _builder_version=&#8221;4.16&#8243; custom_padding=&#8221;|||&#8221; global_colors_info=&#8221;{}&#8221; custom_padding__hover=&#8221;|||&#8221;][et_pb_image src=&#8221;https:\/\/www.doubickasalas.cz\/wp-content\/uploads\/2019\/05\/ceskehory.jpg&#8221; url=&#8221;http:\/\/www.ceskehory.cz\/&#8221; url_new_window=&#8221;on&#8221; _builder_version=&#8221;4.16&#8243; width=&#8221;113px&#8221; module_alignment=&#8221;center&#8221; global_colors_info=&#8221;{}&#8221;][\/et_pb_image][\/et_pb_column][et_pb_column type=&#8221;1_4&#8243; _builder_version=&#8221;4.16&#8243; custom_padding=&#8221;|||&#8221; global_colors_info=&#8221;{}&#8221; custom_padding__hover=&#8221;|||&#8221;][et_pb_image src=&#8221;https:\/\/www.doubickasalas.cz\/wp-content\/uploads\/2019\/05\/header_logo_new-white.png&#8221; url=&#8221;https:\/\/www.ceskesvycarsko.cz\/&#8221; url_new_window=&#8221;on&#8221; _builder_version=&#8221;4.16&#8243; width=&#8221;130px&#8221; module_alignment=&#8221;center&#8221; global_colors_info=&#8221;{}&#8221;][\/et_pb_image][\/et_pb_column][et_pb_column type=&#8221;1_4&#8243; _builder_version=&#8221;4.16&#8243; custom_padding=&#8221;|||&#8221; global_colors_info=&#8221;{}&#8221; custom_padding__hover=&#8221;|||&#8221;][et_pb_image src=&#8221;https:\/\/www.doubickasalas.cz\/wp-content\/uploads\/2019\/05\/doubice-logo-pruhledne.png&#8221; url=&#8221;https:\/\/www.doubice.cz\/&#8221; url_new_window=&#8221;on&#8221; _builder_version=&#8221;4.16&#8243; width=&#8221;100px&#8221; global_colors_info=&#8221;{}&#8221;][\/et_pb_image][\/et_pb_column][\/et_pb_row][\/et_pb_section][et_pb_section fb_built=&#8221;1&#8243; fullwidth=&#8221;on&#8221; admin_label=&#8221;section&#8221; _builder_version=&#8221;4.21.2&#8243; height=&#8221;500px&#8221; global_colors_info=&#8221;{}&#8221;][et_pb_fullwidth_code _builder_version=&#8221;4.21.2&#8243; _module_preset=&#8221;default&#8221; global_colors_info=&#8221;{}&#8221;]<iframe loading=\"lazy\" style=\"border: none;\" src=\"https:\/\/frame.mapy.cz\/s\/joseregepo\" width=\"100%\" height=\"500\" frameborder=\"0\"><\/iframe>[\/et_pb_fullwidth_code][\/et_pb_section]<\/p>\n","protected":false},"excerpt":{"rendered":"<p>Witamy! Zapraszamy Pa\u0144stwa do naszego kameralnego pensjonatu Doubick\u00e1 Sala\u0161. Niezale\u017cnie od tego, czy przyjedziecie na jedn\u0105 czy kilka nocy, sami czy z grup\u0105, wierzymy, \u017ce b\u0119dziecie si\u0119 u nas czu\u0107 jak we w\u0142asnym domu. Oferujemy komfortowe pokoje w atrakcyjnych cenach. Pensjonat Sala\u0161 le\u017cy w przyjemnej, spokojnej okolicy na obrze\u017cach miejscowo\u015bci, w bezpo\u015brednim s\u0105siedztwie Parku Narodowego [&hellip;]<\/p>\n","protected":false},"author":1,"featured_media":0,"parent":0,"menu_order":0,"comment_status":"closed","ping_status":"closed","template":"","meta":{"_et_pb_use_builder":"on","_et_pb_old_content":"","_et_gb_content_width":"","footnotes":""},"class_list":["post-2905","page","type-page","status-publish","hentry"],"_links":{"self":[{"href":"https:\/\/www.doubickasalas.cz\/pl\/wp-json\/wp\/v2\/pages\/2905","targetHints":{"allow":["GET"]}}],"collection":[{"href":"https:\/\/www.doubickasalas.cz\/pl\/wp-json\/wp\/v2\/pages"}],"about":[{"href":"https:\/\/www.doubickasalas.cz\/pl\/wp-json\/wp\/v2\/types\/page"}],"author":[{"embeddable":true,"href":"https:\/\/www.doubickasalas.cz\/pl\/wp-json\/wp\/v2\/users\/1"}],"replies":[{"embeddable":true,"href":"https:\/\/www.doubickasalas.cz\/pl\/wp-json\/wp\/v2\/comments?post=2905"}],"version-history":[{"count":16,"href":"https:\/\/www.doubickasalas.cz\/pl\/wp-json\/wp\/v2\/pages\/2905\/revisions"}],"predecessor-version":[{"id":5808,"href":"https:\/\/www.doubickasalas.cz\/pl\/wp-json\/wp\/v2\/pages\/2905\/revisions\/5808"}],"wp:attachment":[{"href":"https:\/\/www.doubickasalas.cz\/pl\/wp-json\/wp\/v2\/media?parent=2905"}],"curies":[{"name":"wp","href":"https:\/\/api.w.org\/{rel}","templated":true}]}}